{"id":16,"date":"2013-03-29T19:41:26","date_gmt":"2013-03-29T17:41:26","guid":{"rendered":"http:\/\/www.mtv-studio.de\/\/?page_id=16"},"modified":"2013-05-26T10:05:08","modified_gmt":"2013-05-26T10:05:08","slug":"wir-uber-uns","status":"publish","type":"page","link":"http:\/\/www.mtv-studio.de\/?page_id=16","title":{"rendered":"\u00dcber uns"},"content":{"rendered":"<p>In der Galerie findest Du einige Bilder unseres Fitnesscenter, das am 29.08.99 er\u00f6ffnet wurde. Damit sind wir der erste Mainzer Verein, der ein eigenes Fitness-Studio eingerichtet hat.<!--more--><br \/>\nF\u00fcr die Zukunft und den Betrieb stehen qualifizierte \u00dcbungsleiter und speziell ausgebildete Trainer zur Verf\u00fcgung, die gerne jede Frage beantworten, die einzelnen Ger\u00e4te erkl\u00e4ren, auf die gesunde und korrekte Nutzung achten und nat\u00fcrlich individuelle \u00dcbungspl\u00e4ne erstellen.<br \/>\nIm Juni 2005 wurden wir bis Juni 2007 als Fitness- und Gesundheitsstudio im Verein ausgezeichnet.<br \/>\nSeit Juli 2007 ist unser Studio klimatisiert.<\/p>\n<p><a href=\"http:\/\/www.mtv-studio.de\/\/wp-content\/uploads\/2013\/03\/Sauna1.jpg\" rel=\"lightbox[16]\"><img loading=\"lazy\" decoding=\"async\" class=\"alignnone size-full wp-image-21\" alt=\"Sauna\" src=\"http:\/\/www.mtv-studio.de\/\/wp-content\/uploads\/2013\/03\/Sauna1.jpg\" width=\"200\" height=\"246\" \/><\/a>\u00a0\u00a0nat\u00fcrlich haben wir auch eine Sauna<\/p>\n<p>und einen Ruhebereich \u00a0 \u00a0 \u00a0 \u00a0\u00a0<a href=\"http:\/\/www.mtv-studio.de\/\/wp-content\/uploads\/2013\/03\/Ruheraum1.jpg\" rel=\"lightbox[16]\"><img loading=\"lazy\" decoding=\"async\" class=\"alignnone size-full wp-image-20\" alt=\"Ruheraum\" src=\"http:\/\/www.mtv-studio.de\/\/wp-content\/uploads\/2013\/03\/Ruheraum1.jpg\" width=\"246\" height=\"185\" \/><\/a><br \/>\n<a href=\"http:\/\/www.mtv-studio.de\/\/wp-content\/uploads\/2013\/03\/Freiterrasse1.jpg\" rel=\"lightbox[16]\"><img loading=\"lazy\" decoding=\"async\" class=\"alignnone size-medium wp-image-23\" alt=\"Freiterrasse\" src=\"http:\/\/www.mtv-studio.de\/\/wp-content\/uploads\/2013\/03\/Freiterrasse1-225x300.jpg\" width=\"225\" height=\"300\" srcset=\"http:\/\/www.mtv-studio.de\/wp-content\/uploads\/2013\/03\/Freiterrasse1-225x300.jpg 225w, http:\/\/www.mtv-studio.de\/wp-content\/uploads\/2013\/03\/Freiterrasse1.jpg 240w\" sizes=\"auto, (max-width: 225px) 100vw, 225px\" \/><\/a>\u00a0\u00a0und eine Freiterrasse<\/p>\n","protected":false},"excerpt":{"rendered":"<p>In der Galerie findest Du einige Bilder unseres Fitnesscenter, das am 29.08.99 er\u00f6ffnet wurde. Damit sind wir der erste Mainzer Verein, der ein eigenes Fitness-Studio eingerichtet hat.<\/p>\n <a class=\"more-link\" href=\"http:\/\/www.mtv-studio.de\/?page_id=16\"><span class=\"more-msg\">Weiterlesen &rarr;<\/span><\/a>","protected":false},"author":2,"featured_media":0,"parent":0,"menu_order":20,"comment_status":"closed","ping_status":"closed","template":"","meta":{"ngg_post_thumbnail":0,"_mc_calendar":[],"footnotes":""},"class_list":["post-16","page","type-page","status-publish","hentry"],"_links":{"self":[{"href":"http:\/\/www.mtv-studio.de\/index.php?rest_route=\/wp\/v2\/pages\/16","targetHints":{"allow":["GET"]}}],"collection":[{"href":"http:\/\/www.mtv-studio.de\/index.php?rest_route=\/wp\/v2\/pages"}],"about":[{"href":"http:\/\/www.mtv-studio.de\/index.php?rest_route=\/wp\/v2\/types\/page"}],"author":[{"embeddable":true,"href":"http:\/\/www.mtv-studio.de\/index.php?rest_route=\/wp\/v2\/users\/2"}],"replies":[{"embeddable":true,"href":"http:\/\/www.mtv-studio.de\/index.php?rest_route=%2Fwp%2Fv2%2Fcomments&post=16"}],"version-history":[{"count":13,"href":"http:\/\/www.mtv-studio.de\/index.php?rest_route=\/wp\/v2\/pages\/16\/revisions"}],"predecessor-version":[{"id":24,"href":"http:\/\/www.mtv-studio.de\/index.php?rest_route=\/wp\/v2\/pages\/16\/revisions\/24"}],"wp:attachment":[{"href":"http:\/\/www.mtv-studio.de\/index.php?rest_route=%2Fwp%2Fv2%2Fmedia&parent=16"}],"curies":[{"name":"wp","href":"https:\/\/api.w.org\/{rel}","templated":true}]}}